{"id":33722,"date":"2024-04-29T10:26:39","date_gmt":"2024-04-29T10:26:39","guid":{"rendered":"https:\/\/mantonesdelsur.com\/?post_type=product&#038;p=33722"},"modified":"2026-02-01T23:18:21","modified_gmt":"2026-02-01T23:18:21","slug":"manton-de-manila-isabelino-m054","status":"publish","type":"product","link":"https:\/\/mantonesdelsur.com\/en\/producto\/canton-shawls\/manton-de-manila-isabelino-m054\/","title":{"rendered":"Mant\u00f3n de Manila Isabelino (M054)"},"content":{"rendered":"","protected":false},"excerpt":{"rendered":"<p style=\"text-align: justify\">Extraordinario mant\u00f3n de Manila Isabelino del \u00faltimo tercio del Siglo XIX, realizado en seda vainilla y bordado en hebra de seda en colores donde destacan los verdes, azules, rojos, celestes, naranjas, blancos, etc.<\/p>\n<p>Su composici\u00f3n, una sutil cenefa de hojas y flores recorre todo el per\u00edmetro del mant\u00f3n, que enmarca a su vez una amplia cenefa que recorre el mismo, destacado m\u00e1s profusi\u00f3n de bordados en sus cuatros esquinas , a modo de cuarterones, donde destacan las flores, las mariposas, los p\u00e1jaros y las aves del para\u00edso,<\/p>\n<p style=\"text-align: justify\">La peculiaridad de \u00e9ste mant\u00f3n, adem\u00e1s de tener el centro bordado con mariposas y con florecillas, es que la seda est\u00e1 efectuada en\u00a0 telar de manera manual y artesanal, se\u00f1al\u00e1ndose las diferentes tramas que marcan el textil producidas con fuerza con que el artesano daba al peine. El mant\u00f3n isabelino tiene un bue estado de conservaci\u00f3n, con unas\u00a0medidas aproximadas de 160 cm por 160 cm , m\u00e1s enrejado y flecos en amarillo claro o vainilla, realizado a mano.<\/p>\n","protected":false},"featured_media":51093,"template":"","meta":[],"product_brand":[],"product_cat":[16],"product_tag":[72,50,40,157,46,49,45,98,48,59,60,42,47,44,73,97,181,71],"class_list":["post-33722","product","type-product","status-publish","has-post-thumbnail","product_cat-manton-de-manila","product_tag-bordado-a-mano","product_tag-chal","product_tag-manton","product_tag-manton-antiguo","product_tag-manton-bordado","product_tag-manton-de-flamenca","product_tag-manton-de-manila","product_tag-manton-manila","product_tag-manton-manila-antiguo","product_tag-manton-para-fiesta","product_tag-manton-vintage","product_tag-mantones","product_tag-mantones-antiguos","product_tag-mantones-de-manila","product_tag-seda","product_tag-shawl","product_tag-shawl-embroidery","product_tag-siglo-xix","first","instock","taxable","shipping-taxable","purchasable","product-type-simple"],"_links":{"self":[{"href":"https:\/\/mantonesdelsur.com\/en\/wp-json\/wp\/v2\/product\/33722","targetHints":{"allow":["GET"]}}],"collection":[{"href":"https:\/\/mantonesdelsur.com\/en\/wp-json\/wp\/v2\/product"}],"about":[{"href":"https:\/\/mantonesdelsur.com\/en\/wp-json\/wp\/v2\/types\/product"}],"wp:featuredmedia":[{"embeddable":true,"href":"https:\/\/mantonesdelsur.com\/en\/wp-json\/wp\/v2\/media\/51093"}],"wp:attachment":[{"href":"https:\/\/mantonesdelsur.com\/en\/wp-json\/wp\/v2\/media?parent=33722"}],"wp:term":[{"taxonomy":"product_brand","embeddable":true,"href":"https:\/\/mantonesdelsur.com\/en\/wp-json\/wp\/v2\/product_brand?post=33722"},{"taxonomy":"product_cat","embeddable":true,"href":"https:\/\/mantonesdelsur.com\/en\/wp-json\/wp\/v2\/product_cat?post=33722"},{"taxonomy":"product_tag","embeddable":true,"href":"https:\/\/mantonesdelsur.com\/en\/wp-json\/wp\/v2\/product_tag?post=33722"}],"curies":[{"name":"wp","href":"https:\/\/api.w.org\/{rel}","templated":true}]}}