{"id":27870,"date":"2022-12-19T22:33:38","date_gmt":"2022-12-19T22:33:38","guid":{"rendered":"https:\/\/mantonesdelsur.com\/?post_type=product&#038;p=27870"},"modified":"2026-05-02T10:47:31","modified_gmt":"2026-05-02T10:47:31","slug":"manton-de-manila-imperio-m142","status":"publish","type":"product","link":"https:\/\/mantonesdelsur.com\/en\/producto\/canton-shawls\/manton-de-manila-imperio-m142\/","title":{"rendered":"Mant\u00f3n de Manila Imprio (M142)"},"content":{"rendered":"","protected":false},"excerpt":{"rendered":"<p style=\"text-align: justify\">Espectacular mant\u00f3n de Manila,\u00a0 antiguo del segundo tercio del siglo XIX, entre 1860\/1870, bordado a mano en seda de color verde,\u00a0 con motivos de flores, peonias (rosa China) y campanillas , junto con hojas, ramas y p\u00e1jaros o aves del para\u00edso, etc, donde destacan los verdes de distintas gamas, lilas, grises, calderas, ocres y naranjas.<\/p>\n<p>El bordado excepcional, apretado y de puntada corta, por lo que no se distingue el derecho del rev\u00e9s. Una combinaci\u00f3n de colores excepcional. Elegante y un mant\u00f3n que llama la atenci\u00f3n por su finura.<\/p>\n<p>El 80% de lo recaudado por este mant\u00f3n de Manila, ser\u00e1 aplicado a obra de Caridad con las monjas Carmelitas Descalzas<\/p>\n<p style=\"text-align: justify\">Magn\u00edficos flecos anudados a mano, con un enrejado bien ejecutado, corto debido a su antig\u00fcedad. Se encuentra en buen estado de conservaci\u00f3n , si bien tiene marcas del consabido paso del tiempo, ay que hablamos de un mant\u00f3n raro de de muy dif\u00edcil color, bien restaurado..\u00a0 Las medidas 140 cm por 140 cm, m\u00e1s 40 cm de enrejado y\u00a0 flecos anudados a mano.<\/p>\n","protected":false},"featured_media":51606,"template":"","meta":[],"product_brand":[],"product_cat":[16],"product_tag":[41,40,46,49,45,48,60,42,47,44],"class_list":["post-27870","product","type-product","status-publish","has-post-thumbnail","product_cat-manton-de-manila","product_tag-manila","product_tag-manton","product_tag-manton-bordado","product_tag-manton-de-flamenca","product_tag-manton-de-manila","product_tag-manton-manila-antiguo","product_tag-manton-vintage","product_tag-mantones","product_tag-mantones-antiguos","product_tag-mantones-de-manila","first","instock","sold-individually","taxable","shipping-taxable","purchasable","product-type-simple"],"_links":{"self":[{"href":"https:\/\/mantonesdelsur.com\/en\/wp-json\/wp\/v2\/product\/27870","targetHints":{"allow":["GET"]}}],"collection":[{"href":"https:\/\/mantonesdelsur.com\/en\/wp-json\/wp\/v2\/product"}],"about":[{"href":"https:\/\/mantonesdelsur.com\/en\/wp-json\/wp\/v2\/types\/product"}],"wp:featuredmedia":[{"embeddable":true,"href":"https:\/\/mantonesdelsur.com\/en\/wp-json\/wp\/v2\/media\/51606"}],"wp:attachment":[{"href":"https:\/\/mantonesdelsur.com\/en\/wp-json\/wp\/v2\/media?parent=27870"}],"wp:term":[{"taxonomy":"product_brand","embeddable":true,"href":"https:\/\/mantonesdelsur.com\/en\/wp-json\/wp\/v2\/product_brand?post=27870"},{"taxonomy":"product_cat","embeddable":true,"href":"https:\/\/mantonesdelsur.com\/en\/wp-json\/wp\/v2\/product_cat?post=27870"},{"taxonomy":"product_tag","embeddable":true,"href":"https:\/\/mantonesdelsur.com\/en\/wp-json\/wp\/v2\/product_tag?post=27870"}],"curies":[{"name":"wp","href":"https:\/\/api.w.org\/{rel}","templated":true}]}}