{"id":20413,"date":"2021-09-21T22:49:22","date_gmt":"2021-09-21T22:49:22","guid":{"rendered":"https:\/\/mantonesdelsur.com\/?post_type=product&#038;p=20413"},"modified":"2025-03-12T01:31:50","modified_gmt":"2025-03-12T01:31:50","slug":"manton-chal-cantones-m141","status":"publish","type":"product","link":"https:\/\/mantonesdelsur.com\/en\/producto\/embroidered-shawls\/manton-chal-cantones-m141\/","title":{"rendered":"Mant\u00f3n Chal Cantones (M141)"},"content":{"rendered":"","protected":false},"excerpt":{"rendered":"<p>Magnifico y espectacular mant\u00f3n- chal de Manila Imperio de la segunda mitas del Siglo XIX, bordado sobre seda color beige verdosa, bordado en una gama magnifica de colores, muy bien combinados, destacando los verdes, los rosas, los azules, el roj0,el amarillo, el celeste y el color blanco. Etc<\/p>\n<p>El bordado apretado y de puntada corta, sin distinguirse el derecho del rev\u00e9s. Alrededor del mant\u00f3n-chal una cenefa de flores y hojas, especialmente llama la atenci\u00f3n las peonias, las ramas y otras flores.<\/p>\n<p>Es un mant\u00f3n- chal\u00a0 de colecci\u00f3n.<\/p>\n<p>Sus medidas aproximadas son 300 cm por 90 cm mas 45 cm de enrejado y flecos anudados a mano.<\/p>\n","protected":false},"featured_media":31452,"template":"","meta":[],"product_brand":[],"product_cat":[17,16],"product_tag":[57,58,43,72,50,41,102,40,46,49,45,98,48,59,60,64,63,42,47,44,73,97,71],"class_list":["post-20413","product","type-product","status-publish","has-post-thumbnail","product_cat-chal-bordado","product_cat-manton-de-manila","product_tag-accesorio-de-fiesta","product_tag-accesorio-vintage","product_tag-bordado","product_tag-bordado-a-mano","product_tag-chal","product_tag-manila","product_tag-mantilla","product_tag-manton","product_tag-manton-bordado","product_tag-manton-de-flamenca","product_tag-manton-de-manila","product_tag-manton-manila","product_tag-manton-manila-antiguo","product_tag-manton-para-fiesta","product_tag-manton-vintage","product_tag-mantoncillo-gitana","product_tag-mantoncillo-para-traje-de-gitana","product_tag-mantones","product_tag-mantones-antiguos","product_tag-mantones-de-manila","product_tag-seda","product_tag-shawl","product_tag-siglo-xix","first","instock","taxable","shipping-taxable","product-type-simple"],"_links":{"self":[{"href":"https:\/\/mantonesdelsur.com\/en\/wp-json\/wp\/v2\/product\/20413","targetHints":{"allow":["GET"]}}],"collection":[{"href":"https:\/\/mantonesdelsur.com\/en\/wp-json\/wp\/v2\/product"}],"about":[{"href":"https:\/\/mantonesdelsur.com\/en\/wp-json\/wp\/v2\/types\/product"}],"wp:featuredmedia":[{"embeddable":true,"href":"https:\/\/mantonesdelsur.com\/en\/wp-json\/wp\/v2\/media\/31452"}],"wp:attachment":[{"href":"https:\/\/mantonesdelsur.com\/en\/wp-json\/wp\/v2\/media?parent=20413"}],"wp:term":[{"taxonomy":"product_brand","embeddable":true,"href":"https:\/\/mantonesdelsur.com\/en\/wp-json\/wp\/v2\/product_brand?post=20413"},{"taxonomy":"product_cat","embeddable":true,"href":"https:\/\/mantonesdelsur.com\/en\/wp-json\/wp\/v2\/product_cat?post=20413"},{"taxonomy":"product_tag","embeddable":true,"href":"https:\/\/mantonesdelsur.com\/en\/wp-json\/wp\/v2\/product_tag?post=20413"}],"curies":[{"name":"wp","href":"https:\/\/api.w.org\/{rel}","templated":true}]}}