{"id":17338,"date":"2021-03-22T13:56:28","date_gmt":"2021-03-22T13:56:28","guid":{"rendered":"https:\/\/mantonesdelsur.com\/?post_type=product&#038;p=17338"},"modified":"2024-03-02T10:26:16","modified_gmt":"2024-03-02T10:26:16","slug":"velo-eduardiano-de-encaje-needlerun-mn081","status":"publish","type":"product","link":"https:\/\/mantonesdelsur.com\/en\/producto\/sin-categorizar\/velo-eduardiano-de-encaje-needlerun-mn081\/","title":{"rendered":"Velo Eduardiano de encaje Needlerun (MN081)"},"content":{"rendered":"","protected":false},"excerpt":{"rendered":"<p style=\"text-align: justify\">Maravilloso velo corto de novia de encaje ingl\u00e9s,\u00a0 de principios del Siglo XX, de encaje denominado \u201cNeedlerun\u201d, de principios de la \u00e9poca Eduardiana, con una base de tul de m\u00e1quina donde descansa un dise\u00f1o floral realizado a mano.<\/p>\n<p style=\"text-align: justify\">Est\u00e1 festoneado por\u00a0 todo el contorno, con una composici\u00f3n de flores y hojas,\u00a0 que recorre todo el per\u00edmetro, y con peque\u00f1os ramos esparcidos por todo el panel central del velo. Es un velo\u00a0 peque\u00f1o, con un dise\u00f1o delicado, que pese a tener m\u00e1s de 100 a\u00f1os sus dibujos son muy contempor\u00e1neos y exquisitos. Ideal para recog\u00e9rselo en una trenza en el pelo,\u00a0 de manera informal, o para detr\u00e1s en un recogido del pelo, como complemento.<\/p>\n<p>Sus medidas son aproximadamente 120 cm de largo\u00a0 por 100 cm de ancho.<\/p>\n<p>[contact-form][contact-field label=&#8221;Nombre&#8221; type=&#8221;name&#8221;  required=&#8221;true&#8221; \/][contact-field label=&#8221;Correo electr\u00f3nico&#8221; type=&#8221;email&#8221; required=&#8221;true&#8221; \/][contact-field label=&#8221;Mensaje&#8221; type=&#8221;textarea&#8221; \/][\/contact-form]<\/p>\n","protected":false},"featured_media":17340,"template":"","meta":[],"product_brand":[],"product_cat":[14],"product_tag":[50,61,41,40,46,45,48,42,47,44,131,103],"class_list":["post-17338","product","type-product","status-publish","has-post-thumbnail","product_cat-mantillas-y-velos","product_tag-chal","product_tag-encaje-granadino","product_tag-manila","product_tag-manton","product_tag-manton-bordado","product_tag-manton-de-manila","product_tag-manton-manila-antiguo","product_tag-mantones","product_tag-mantones-antiguos","product_tag-mantones-de-manila","product_tag-velo-antiguo","product_tag-velo-de-novia","first","instock","sold-individually","taxable","shipping-taxable","purchasable","product-type-simple"],"_links":{"self":[{"href":"https:\/\/mantonesdelsur.com\/en\/wp-json\/wp\/v2\/product\/17338","targetHints":{"allow":["GET"]}}],"collection":[{"href":"https:\/\/mantonesdelsur.com\/en\/wp-json\/wp\/v2\/product"}],"about":[{"href":"https:\/\/mantonesdelsur.com\/en\/wp-json\/wp\/v2\/types\/product"}],"wp:featuredmedia":[{"embeddable":true,"href":"https:\/\/mantonesdelsur.com\/en\/wp-json\/wp\/v2\/media\/17340"}],"wp:attachment":[{"href":"https:\/\/mantonesdelsur.com\/en\/wp-json\/wp\/v2\/media?parent=17338"}],"wp:term":[{"taxonomy":"product_brand","embeddable":true,"href":"https:\/\/mantonesdelsur.com\/en\/wp-json\/wp\/v2\/product_brand?post=17338"},{"taxonomy":"product_cat","embeddable":true,"href":"https:\/\/mantonesdelsur.com\/en\/wp-json\/wp\/v2\/product_cat?post=17338"},{"taxonomy":"product_tag","embeddable":true,"href":"https:\/\/mantonesdelsur.com\/en\/wp-json\/wp\/v2\/product_tag?post=17338"}],"curies":[{"name":"wp","href":"https:\/\/api.w.org\/{rel}","templated":true}]}}